{"id":4264,"date":"2025-02-02T00:11:30","date_gmt":"2025-02-01T23:11:30","guid":{"rendered":"https:\/\/tri.gwannon.com\/portada-es\/"},"modified":"2026-04-26T22:59:52","modified_gmt":"2026-04-26T20:59:52","slug":"portada-es","status":"publish","type":"page","link":"https:\/\/portuigualdad.com\/eu\/","title":{"rendered":"Hasiera"},"content":{"rendered":"<div class=\"wpb-content-wrapper\"><p>[vc_row css=&#8221;.vc_custom_1758399586477{margin-top: 30px !important;}&#8221;][vc_column][vc_column_text css=&#8221;&#8221;]\t<link rel=\"stylesheet\" href=\"https:\/\/cdn.jsdelivr.net\/npm\/swiper@11\/swiper-bundle.min.css\" \/>\n  <div class=\"swiper mySwiper\">\n    <div class=\"swiper-wrapper\">\n          <\/div>\n    <div class=\"swiper-pagination\"><\/div>\n  <\/div>\n\n  <!-- Swiper JS -->\n  <script src=\"https:\/\/cdn.jsdelivr.net\/npm\/swiper@11\/swiper-bundle.min.js\"><\/script>\n  <!-- Initialize Swiper -->\n  <script>\n    var swiper = new Swiper(\".mySwiper\", {\n      pagination: {\n        el: \".swiper-pagination\",\n        clickable: true\n      },\n    });\n  <\/script>\n  <style>\n    .swiper {\n      width: 100%;\n      height: 100%;\n      background: #f2f7f9;\n    }\n\n    .swiper-slide {\n      font-size: 18px;\n      background: #f2f7f9;\n      padding: 330px 30px 80px 30px;\n      box-sizing: border-box;\n      position: relative;\n      min-height: 340px;\n    }\n    \n    .swiper-slide p {\n    \tfont-size: 32px;\n    \tline-height: 120%;\n    \ttext-align: left;\n    }\n    \n    .swiper-slide p a {\n    \ttext-decoration: none;\n    \ttransition: color 0.3s;\n    \tcolor: #000;\n    }\n    \n    .swiper-slide p a:hover {\n      color: #942c6f;\n    }\n    \n    .swiper-slide p:nth-of-type(2) {\n    \tfont-size: 20px;\n    }\n    \n    .swiper-slide:before {\n    \tcontent: \"\";\n    \tdisplay: block;\n    \twidth: 100%;\n    \tposition: absolute;\n    \ttop: 0px;\n    \tleft: 0px;\n    \tbackground: transparent var(--bg-image) center center no-repeat;\n    \tbackground-size: cover;\n      height: 300px;\n    }\n     \n    .swiper-pagination {\n     \ttext-align: right;\n     \tpadding-right: 30px;\n     \tbox-sizing: border-box;\n    }\n     \n    .swiper-pagination-bullet {\n     \twidth: 28px;\n     \theight: 6px;\n     \tborder-radius: 0px;\n     \tbackground-color: #942c6f;\n     \topacity: 1;\n    }\n     \n    .swiper-pagination-bullet.swiper-pagination-bullet-active {\n     \tbackground-color: #000;\n    }\n\n    @media only screen and (min-width: 900px) {\n     \t.swiper-slide {\n     \t\tpadding: 68px 30px 50px 54%;\n     \t}\n     \t\n     \t.swiper-slide:before {\n     \t  width: calc(49%);\n    \t  height: 100%;\n     \t}\n    }\n\t@media only screen and (max-width: 480px) {\n\t\t.swiper-slide:before {\n\t\t\tbackground-size: contain;\n\t\t\theight: 209px;\n\t\t}\n\t\t.swiper-slide {\n\t\t\tpadding: 234px 30px 50px 30px;\n\t\t}\n\t}  \n\t  \n\t  \n\t  \n  <\/style>\n\t[\/vc_column_text][\/vc_column][\/vc_row][vc_row css=&#8221;.vc_custom_1740433866572{margin-top: 30px !important;margin-bottom: 30px !important;}&#8221;][vc_column width=&#8221;6\/12&#8243;]<div id=\"ultimate-heading-462069f5cd963787d\" class=\"uvc-heading ult-adjust-bottom-margin ultimate-heading-462069f5cd963787d uvc-3730 \" data-hspacer=\"no_spacer\"  data-halign=\"left\" style=\"text-align:left\"><div class=\"uvc-heading-spacer no_spacer\" style=\"top\"><\/div><div class=\"uvc-main-heading ult-responsive\"  data-ultimate-target='.uvc-heading.ultimate-heading-462069f5cd963787d h3'  data-responsive-json-new='{\"font-size\":\"desktop:28px;\",\"line-height\":\"\"}' ><h3 style=\"font-family:&#039;Mulish&#039;;font-weight:700;color:#D1028C;margin-bottom:10px;\">Portuigualdad<\/h3><\/div><div class=\"uvc-sub-heading ult-responsive\"  data-ultimate-target='.uvc-heading.ultimate-heading-462069f5cd963787d .uvc-sub-heading '  data-responsive-json-new='{\"font-size\":\"desktop:18px;\",\"line-height\":\"\"}'  style=\"font-family:&#039;Mulish&#039;;font-weight:normal;color:#000000;margin-bottom:30px;\">Emakumeen eta gizonen arteko aukera berdintasuna Portugaleten<\/div><\/div>[vc_column_text css=&#8221;&#8221;]<strong>Portugaleteko Udalak <\/strong>hainbat hamarkada daramatza emakumeen egoera hobetzeko eta emakumeen eta gizonen arteko berdintasunaren alde egiteko programak eta ekintzak egiten Portugaleten. Gure webgunean, garatzen ari garen jarduerei, jardunaldiei eta programazioei buruzko informazioa aurkitu ahal izango duzu.<br \/> [\/vc_column_text][\/vc_column][vc_column width=&#8221;2\/12&#8243;][vc_single_image image=&#8221;4434&#8243; img_size=&#8221;full&#8221; css=&#8221;&#8221;][\/vc_column][vc_column width=&#8221;4\/12&#8243;]<div id=\"ultimate-heading-690369f5cd96378ed\" class=\"uvc-heading ult-adjust-bottom-margin ultimate-heading-690369f5cd96378ed uvc-4042 \" data-hspacer=\"no_spacer\"  data-halign=\"left\" style=\"text-align:left\"><div class=\"uvc-heading-spacer no_spacer\" style=\"top\"><\/div><div class=\"uvc-main-heading ult-responsive\"  data-ultimate-target='.uvc-heading.ultimate-heading-690369f5cd96378ed h3'  data-responsive-json-new='{\"font-size\":\"desktop:28px;\",\"line-height\":\"\"}' ><h3 style=\"font-family:&#039;Mulish&#039;;font-weight:700;color:#D1028C;margin-bottom:10px;\">Bidatzenea<\/h3><\/div><div class=\"uvc-sub-heading ult-responsive\"  data-ultimate-target='.uvc-heading.ultimate-heading-690369f5cd96378ed .uvc-sub-heading '  data-responsive-json-new='{\"font-size\":\"desktop:18px;\",\"line-height\":\"\"}'  style=\"font-family:&#039;Mulish&#039;;font-weight:normal;color:#000000;margin-bottom:30px;\">Portugaleteko emakume guztien etxea. [vc_column_text css=&#8221;&#8221;]<strong>Bidatzenea <\/strong>hau guztia da: gune feminista, etxe inklusiboa, babesleku segurua, leku dinamiko eta irisgarria, proiektu parte-hartzaile eta aktiboa, eta aktibismo feministaren erreferentzia iraultzailea; eta ikuspegi ekologiko eta jasangarria du. <style type=\"text\/css\" data-type=\"the7_shortcodes-inline-css\">#default-btn-0a3f7e4fc252bd2708406244f5f95679.ico-right-side > i {\n  margin-right: 0px;\n  margin-left: 8px;\n}\n#default-btn-0a3f7e4fc252bd2708406244f5f95679 > i {\n  margin-right: 8px;\n}<\/style><div class=\"btn-align-right\"><a href=\"\/bidatzenea\/\" class=\"default-btn-shortcode dt-btn dt-btn-m link-hover-off \" id=\"default-btn-0a3f7e4fc252bd2708406244f5f95679\" title=\"Bienvenidas a Bidatzenea\"><span>Bidatzenea ezagutu<\/span><\/a><\/div>[\/vc_column_text]<\/div><\/div>[\/vc_column][\/vc_row][vc_row full_width=&#8221;stretch_row&#8221; css=&#8221;.vc_custom_1748202935204{padding-bottom: 30px !important;background-color: #F2F7F9 !important;}&#8221;][vc_column width=&#8221;2\/3&#8243;]<div id=\"ultimate-heading-277369f5cd9637a59\" class=\"uvc-heading ult-adjust-bottom-margin ultimate-heading-277369f5cd9637a59 uvc-153  uvc-heading-default-font-sizes\" data-hspacer=\"line_only\"  data-halign=\"left\" style=\"text-align:left\"><div class=\"uvc-main-heading ult-responsive\"  data-ultimate-target='.uvc-heading.ultimate-heading-277369f5cd9637a59 h5'  data-responsive-json-new='{\"font-size\":\"\",\"line-height\":\"\"}' ><h5 style=\"font-family:&#039;Mulish&#039;;font-weight:700;\">Berdintasuna<\/h5><\/div><div class=\"uvc-heading-spacer line_only\" style=\"margin-top:14px;height:5px;\"><span class=\"uvc-headings-line\" style=\"border-style:solid;border-bottom-width:5px;border-color:#942C6F;width:72px;\"><\/span><\/div><\/div>[vc_row_inner css=&#8221;.vc_custom_1739041305707{margin-top: 20px !important;}&#8221;][vc_column_inner width=&#8221;1\/2&#8243;][vc_column_text css=&#8221;&#8221; el_class=&#8221;jornadas_destacado&#8221;]  <div class=\"postsList10781 singlePost\">\n              <div>\n          <a href=\"https:\/\/portuigualdad.com\/eu\/portugaleteko-xxiv-berdintasun-jardunaldiak-berriro-feminismoaz-gogoeta-eta-debatea-ere-egiteko-lidergoaren-erakusgarri\/\"><img decoding=\"async\" src=\"https:\/\/portuigualdad.com\/wp-content\/uploads\/2025\/11\/JornadasIgualdadPortugalete-300x169.png\" \/><\/a>\n            <p><a href=\"https:\/\/portuigualdad.com\/eu\/portugaleteko-xxiv-berdintasun-jardunaldiak-berriro-feminismoaz-gogoeta-eta-debatea-ere-egiteko-lidergoaren-erakusgarri\/\">Portugaleteko XXIV. Berdintasun Jardunaldiak berriro feminismoaz gogoeta eta debatea ere egiteko lidergoaren erakusgarri<\/a><\/p>\n            <p>3 Nov 2025<\/p>\n            <p>Portugaleteko XXIV. Berdintasun Jardunaldiek, urriaren 24 eta 25ean izandakoek, aurten ere berretsi dute beren lidergoa Euskal Herriko feminismoaz hausnartzeko eta&hellip;<\/p>\n          <\/div>\n          <\/div>\n  <style>\n    .postsList10781 {\n      margin-top: 20px;\n    }\n    .postsList10781 > div {\n      margin-bottom: 25px;\n      padding-left: 85px;\n      padding-top: 0px;\n      position: relative;\n    }\n    .postsList10781 > div:before {\n      content: \"\";\n    \tdisplay: block;\n    \tposition: absolute;\n    \ttop: 0px;\n    \tleft: 0px;\n      width: 70px;\n      height: 70px;\n    \tbackground: transparent var(--bg-image) center center no-repeat;\n    \tbackground-size: cover;\n    }\n    .postsList10781 > div p {\n      color: #999999;\n      margin-bottom: 0px;\n      line-height: 110%;\n    }\n    .postsList10781 > div p a {\n      color: #686868;\n      text-decoration: none;\n      transition: color 0.3s;\n    }\n    .postsList10781 > div p a:hover {\n      color: #942c6f;\n    }\n    @media only screen and (min-width: 768px) and (max-width: 1200px) {\n      .postsList10781 > div {\n        padding-left: 0px;\n        padding-top: 130px;\n      }\n      .postsList10781 > div:before {\n        width: 100%;\n        height: 120px;\n      }\n    }\n\n    .postsList10781.singlePost > div {\n      padding-left: 0px;\n    }\n    .postsList10781.singlePost > div img {\n      width: 100%;\n    }\n    .postsList10781.singlePost > div > p:nth-of-type(3) {\n      margin-top: 10px;\n    }\n  <\/style>\n\t[\/vc_column_text][\/vc_column_inner][vc_column_inner width=&#8221;1\/2&#8243;][vc_column_text css=&#8221;&#8221; el_class=&#8221;jornadas_listado&#8221;]  <div class=\"postsList95690\">\n              <div style=\"--bg-image: url('https:\/\/portuigualdad.com\/wp-content\/uploads\/2025\/10\/jornadas_igualdad_2025_eu-1-150x150.gif');\">\n            <p><a href=\"https:\/\/portuigualdad.com\/eu\/indarkeria-matxistaren-agerpen-berriak-aztergai-urriaren-24an-eta-25ean-portugaleteko-xxiv-berdintasun-jardunaldietan\/\">Dagoeneko izena eman dezakezu Portugaleteko XXIV. Berdintasun Jardunaldietan &#8211; Urriak 24 eta 25<\/a><\/p>\n            <p>8 Oct 2025<\/p>\n          <\/div>\n              <div style=\"--bg-image: url('https:\/\/portuigualdad.com\/wp-content\/uploads\/2024\/11\/Portuigualdad_punto-lila-659x343px1-150x150.jpg');\">\n            <p><a href=\"https:\/\/portuigualdad.com\/eu\/azaroaren-25eko-adierazpena-emakumeen-kontrako-indarkeria-desagerrarazteko-nazioarteko-eguna-dela-eta\/\">AZAROAREN 25EKO ADIERAZPENA, EMAKUMEEN KONTRAKO INDARKERIA DESAGERRARAZTEKO NAZIOARTEKO EGUNA DELA ETA<\/a><\/p>\n            <p>25 Nov 2024<\/p>\n          <\/div>\n              <div style=\"--bg-image: url('https:\/\/portuigualdad.com\/wp-content\/uploads\/2023\/10\/XXII-JORNADAS-DE-IGUALDAD-PORTUIGUALDAD_cast-150x150.jpg');\">\n            <p><a href=\"https:\/\/portuigualdad.com\/eu\/xxii-jornadas-de-igualdad-de-portugalete-2023\/\">XXII JORNADAS DE IGUALDAD DE PORTUGALETE 2023<\/a><\/p>\n            <p>11 Oct 2023<\/p>\n          <\/div>\n              <div style=\"--bg-image: url('https:\/\/portuigualdad.com\/wp-content\/uploads\/2016\/05\/logo-conferencia-150x150.jpg');\">\n            <p><a href=\"https:\/\/portuigualdad.com\/eu\/hitzaldia-hypatia-emakume-migratzaileak-mitoak-eta-errealitateak\/\">Hitzaldia Hypatia: Emakume migratzaileak. Mitoak eta errealitateak<\/a><\/p>\n            <p>9 May 2016<\/p>\n          <\/div>\n      <\/div>\n  <style>\n    .postsList95690 {\n      margin-top: 20px;\n    }\n    .postsList95690 > div {\n      margin-bottom: 25px;\n      padding-left: 85px;\n      padding-top: 0px;\n      position: relative;\n    }\n    .postsList95690 > div:before {\n      content: \"\";\n    \tdisplay: block;\n    \tposition: absolute;\n    \ttop: 0px;\n    \tleft: 0px;\n      width: 70px;\n      height: 70px;\n    \tbackground: transparent var(--bg-image) center center no-repeat;\n    \tbackground-size: cover;\n    }\n    .postsList95690 > div p {\n      color: #999999;\n      margin-bottom: 0px;\n      line-height: 110%;\n    }\n    .postsList95690 > div p a {\n      color: #686868;\n      text-decoration: none;\n      transition: color 0.3s;\n    }\n    .postsList95690 > div p a:hover {\n      color: #942c6f;\n    }\n    @media only screen and (min-width: 768px) and (max-width: 1200px) {\n      .postsList95690 > div {\n        padding-left: 0px;\n        padding-top: 130px;\n      }\n      .postsList95690 > div:before {\n        width: 100%;\n        height: 120px;\n      }\n    }\n\n    .postsList95690.singlePost > div {\n      padding-left: 0px;\n    }\n    .postsList95690.singlePost > div img {\n      width: 100%;\n    }\n    .postsList95690.singlePost > div > p:nth-of-type(3) {\n      margin-top: 10px;\n    }\n  <\/style>\n\t[\/vc_column_text][\/vc_column_inner][\/vc_row_inner]<style type=\"text\/css\" data-type=\"the7_shortcodes-inline-css\">#default-btn-8278b8532d44d0187659120b1cc8cf04.ico-right-side > i {\n  margin-right: 0px;\n  margin-left: 8px;\n}\n#default-btn-8278b8532d44d0187659120b1cc8cf04 > i {\n  margin-right: 8px;\n}<\/style><div class=\"btn-align-right\"><a href=\"\/igualdad-inicio\/\" class=\"default-btn-shortcode dt-btn dt-btn-m link-hover-off \" id=\"default-btn-8278b8532d44d0187659120b1cc8cf04\" title=\"Igualdad\"><span>Irakurri gehiago<\/span><\/a><\/div>[\/vc_column][vc_column width=&#8221;1\/3&#8243;]<div id=\"ultimate-heading-937669f5cd963c92e\" class=\"uvc-heading ult-adjust-bottom-margin ultimate-heading-937669f5cd963c92e uvc-8222  uvc-heading-default-font-sizes\" data-hspacer=\"line_only\"  data-halign=\"left\" style=\"text-align:left\"><div class=\"uvc-main-heading ult-responsive\"  data-ultimate-target='.uvc-heading.ultimate-heading-937669f5cd963c92e h5'  data-responsive-json-new='{\"font-size\":\"\",\"line-height\":\"\"}' ><h5 style=\"font-family:&#039;Mulish&#039;;font-weight:700;\">Azken bideoak<\/h5><\/div><div class=\"uvc-heading-spacer line_only\" style=\"margin-top:14px;height:5px;\"><span class=\"uvc-headings-line\" style=\"border-style:solid;border-bottom-width:5px;border-color:#942C6F;width:72px;\"><\/span><\/div><\/div>[vc_column_text css=&#8221;.vc_custom_1758405974557{margin-top: 40px !important;}&#8221;]  <div class=\"videoGrid25891\">\n                      <div><a href=\"https:\/\/portuigualdad.com\/eu\/video\/xxiii-jornadas-de-igualdad-las-mujeres-son-expropiadas-de-su-tiempo\/\" title=\"Berdintasun jardunaldiak XXIII  ( Emakumeei denbora kentzen zaie.)\"><img decoding=\"async\" src=\"http:\/\/i3.ytimg.com\/vi\/E9CM81ZCUwQ\/maxresdefault.jpg\" alt=\"Berdintasun jardunaldiak XXIII  ( Emakumeei denbora kentzen zaie.)\"><\/a><\/div>\n                               <div><a href=\"https:\/\/portuigualdad.com\/eu\/video\/xxiii-jornadas-de-igualdad-video-resumen\/\" title=\"Berdintasun jardunaldiak XXIII   (Bideo laburpena)\"><img decoding=\"async\" src=\"http:\/\/i3.ytimg.com\/vi\/GogQHcQ7__4\/maxresdefault.jpg\" alt=\"Berdintasun jardunaldiak XXIII   (Bideo laburpena)\"><\/a><\/div>\n                               <div><a href=\"https:\/\/portuigualdad.com\/eu\/video\/xxiii-jornadas-de-igualdad-primer-dia-de-las-jornadas\/\" title=\"Berdintasun jardunaldiak XXIII  (Lehen eguna)\"><img decoding=\"async\" src=\"http:\/\/i3.ytimg.com\/vi\/EvtqjhQvDno\/maxresdefault.jpg\" alt=\"Berdintasun jardunaldiak XXIII  (Lehen eguna)\"><\/a><\/div>\n                               <div><a href=\"https:\/\/portuigualdad.com\/eu\/video\/xxii-jornadas-de-igualdad-la-invisibilidad-de-las-mujeres-para-la-medicina-a\/\" title=\"Berdintasun jardunaldiak XXII    \u201cEmakumeen ikusezintasuna medikuntzan\u201d\"><img decoding=\"async\" src=\"http:\/\/i3.ytimg.com\/vi\/Oms2lLvLAl8\/maxresdefault.jpg\" alt=\"Berdintasun jardunaldiak XXII    \u201cEmakumeen ikusezintasuna medikuntzan\u201d\"><\/a><\/div>\n               <\/div>\n  <style>\n    .videoGrid25891 {\n      display: flex;\n      gap: 10px;\n      flex-wrap: wrap;\n    }\n    .videoGrid25891 > div {\n      width: 100%;\n      position: relative;\n    }\n    .videoGrid25891 > div:first-of-type {\n      width: 100%;\n    }\n    .videoGrid25891 > div a {\n      display: block;\n      width: 100%;\n    }\n\n    .videoGrid25891 > div a:before {\n      content: \"\";\n      position: absolute;\n      display: block;\n      background: transparent url('\/wp-content\/themes\/dt-the7-child\/images\/Youtube_logo.png') center center no-repeat;\n      background-size: contain;\n      width: 100px;\n      height: 80px;\n      top: calc(50% - 40px);\n      left: calc(50% - 50px);\n    }\n\n\n\n    .videoGrid25891 > div img {\n      width: 100%;\n    }\n    \n    @media only screen and (min-width: 1024px) {\n      .videoGrid25891 > div {\n        width: calc(33% - 10px);\n      }\n\n      .videoGrid25891 > div a:before {\n        width: 40px;\n        height: 30px;\n        top: calc(50% - 15px);\n        left: calc(50% - 20px);\n      }\n\n       .videoGrid25891 > div:first-of-type a:before {\n        width: 100px;\n        height: 80px;\n        top: calc(50% - 40px);\n        left: calc(50% - 50px);\n      }    }\n  <\/style>\n\t[\/vc_column_text]<style type=\"text\/css\" data-type=\"the7_shortcodes-inline-css\">#default-btn-28dae51b00c6ae0dc275ef22954f5773.ico-right-side > i {\n  margin-right: 0px;\n  margin-left: 8px;\n}\n#default-btn-28dae51b00c6ae0dc275ef22954f5773 > i {\n  margin-right: 8px;\n}<\/style><div class=\"btn-align-right\"><a href=\"\/videos\/\" class=\"default-btn-shortcode dt-btn dt-btn-m link-hover-off \" id=\"default-btn-28dae51b00c6ae0dc275ef22954f5773\"><span>Bideo gehiago<\/span><\/a><\/div>[\/vc_column][\/vc_row][vc_row full_width=&#8221;stretch_row&#8221; css=&#8221;.vc_custom_1748203188776{padding-bottom: 0px !important;background-color: #FFFFFF !important;}&#8221;][vc_column]<div id=\"ultimate-heading-449469f5cd963e466\" class=\"uvc-heading ult-adjust-bottom-margin ultimate-heading-449469f5cd963e466 uvc-3767  uvc-heading-default-font-sizes\" data-hspacer=\"line_only\"  data-halign=\"left\" style=\"text-align:left\"><div class=\"uvc-main-heading ult-responsive\"  data-ultimate-target='.uvc-heading.ultimate-heading-449469f5cd963e466 h5'  data-responsive-json-new='{\"font-size\":\"\",\"line-height\":\"\"}' ><h5 style=\"font-family:&#039;Mulish&#039;;font-weight:700;\">Azken berriak<\/h5><\/div><div class=\"uvc-heading-spacer line_only\" style=\"margin-top:14px;margin-bottom:30px;height:5px;\"><span class=\"uvc-headings-line\" style=\"border-style:solid;border-bottom-width:5px;border-color:#942C6F;width:72px;\"><\/span><\/div><\/div>[vc_basic_grid post_type=&#8221;post&#8221; max_items=&#8221;3&#8243; item=&#8221;masonryGrid_Default&#8221; css=&#8221;&#8221; grid_id=&#8221;vc_gid:1758405964288-83a7cafa-cbe8-6&#8243; el_id=&#8221;noticias&#8221;]<style type=\"text\/css\" data-type=\"the7_shortcodes-inline-css\">#default-btn-e871a4266873c9ba5a8a1fccd5289ff0.ico-right-side > i {\n  margin-right: 0px;\n  margin-left: 8px;\n}\n#default-btn-e871a4266873c9ba5a8a1fccd5289ff0 > i {\n  margin-right: 8px;\n}<\/style><div class=\"btn-align-right\"><a href=\"\/noticias\/\" class=\"default-btn-shortcode dt-btn dt-btn-m link-hover-off \" id=\"default-btn-e871a4266873c9ba5a8a1fccd5289ff0\"><span>Albiste guztiak<\/span><\/a><\/div>[\/vc_column][\/vc_row][vc_row full_width=&#8221;stretch_row&#8221; css=&#8221;.vc_custom_1748202945130{margin-top: 30px !important;padding-bottom: 60px !important;background-color: #F2F7F9 !important;}&#8221;][vc_column width=&#8221;1\/3&#8243; css=&#8221;.vc_custom_1748113720108{margin-right: 50px !important;}&#8221;]<div id=\"ultimate-heading-33169f5cd963e505\" class=\"uvc-heading ult-adjust-bottom-margin ultimate-heading-33169f5cd963e505 uvc-8065  uvc-heading-default-font-sizes\" data-hspacer=\"line_only\"  data-halign=\"left\" style=\"text-align:left\"><div class=\"uvc-main-heading ult-responsive\"  data-ultimate-target='.uvc-heading.ultimate-heading-33169f5cd963e505 h5'  data-responsive-json-new='{\"font-size\":\"\",\"line-height\":\"\"}' ><h5 style=\"font-family:&#039;Mulish&#039;;font-weight:700;\">Datozen ekitaldiak<\/h5><\/div><div class=\"uvc-heading-spacer line_only\" style=\"margin-top:14px;height:5px;\"><span class=\"uvc-headings-line\" style=\"border-style:solid;border-bottom-width:5px;border-color:#942C6F;width:72px;\"><\/span><\/div><\/div>[vc_column_text css=&#8221;.vc_custom_1742162998900{margin-top: 20px !important;}&#8221;]<ul class=\"ecs-event-list\"><li class=\"ecs-event\"><h4 class=\"entry-title summary\"><a href=\"https:\/\/portuigualdad.com\/eu\/evento\/adierazpen-emozionalaren-bidaian-murgilduzantzerki-terapiaren-bidez\/\" rel=\"bookmark\">Adierazpen emozionalaren bidaian murgilduz,antzerki terapiaren bidez<\/a><\/h4><span class=\"duration time\"><span class=\"tribe-event-date-start\">March 13 @ 18:00<\/span> - <span class=\"tribe-event-date-end\">May 18 @ 20:00<\/span><\/span><p class=\"ecs-excerpt\">Tailerrean autoestimua eta autoezagutza landuko ditugu adierazpen sortzaile eta antzerki jokoaren bi...<\/p><\/li><li class=\"ecs-event\"><h4 class=\"entry-title summary\"><a href=\"https:\/\/portuigualdad.com\/eu\/evento\/zoru-pelbikoa-ezagutzen\/\" rel=\"bookmark\">Zoru pelbikoa ezagutzen<\/a><\/h4><span class=\"duration time\"><span class=\"tribe-event-date-start\">April 14 @ 18:00<\/span> - <span class=\"tribe-event-date-end\">May 26 @ 20:00<\/span><\/span><p class=\"ecs-excerpt\">Gure zoru pelbikoa historikoki ikusezin egin dute. Askotan, gure bizipenen une\u00a0 garrantzitsuenetan ...<\/p><\/li><li class=\"ecs-event\"><h4 class=\"entry-title summary\"><a href=\"https:\/\/portuigualdad.com\/eu\/evento\/menopausia-eta-perimenopausia-aldatzen-den-gorputzarentzako-nutrizio-estrategiak\/\" rel=\"bookmark\">Menopausia eta perimenopausia: aldatzen den gorputzarentzako nutrizio-estrategiak<\/a><\/h4><span class=\"duration time\"><span class=\"tribe-event-date-start\">May 6 @ 18:30<\/span> - <span class=\"tribe-event-date-end\">May 13 @ 20:00<\/span><\/span><p class=\"ecs-excerpt\">Zure gorputza klimaterioan ulertzeko topaketa bat proposatzen dizugu, non lagundua eta ulertua senti...<\/p><\/li><\/ul><script type=\"application\/ld+json\">\r\n[{\"@context\":\"http:\/\/schema.org\",\"@type\":\"Event\",\"name\":\"Adierazpen emozionalaren bidaian murgilduz,antzerki terapiaren bidez\",\"description\":\"&lt;p&gt;Tailerrean autoestimua eta autoezagutza landuko ditugu adierazpen sortzaile eta antzerki jokoaren bitartez. Sei saioetan zehar, ingurune seguru eta atseginean, emozioak&hellip;&lt;\/p&gt;\\\\n\",\"url\":\"https:\/\/portuigualdad.com\/eu\/evento\/adierazpen-emozionalaren-bidaian-murgilduzantzerki-terapiaren-bidez\/\",\"eventAttendanceMode\":\"https:\/\/schema.org\/OfflineEventAttendanceMode\",\"eventStatus\":\"https:\/\/schema.org\/EventScheduled\",\"startDate\":\"2026-03-13T18:00:00+01:00\",\"endDate\":\"2026-05-18T20:00:00+02:00\",\"organizer\":{\"@type\":\"Person\",\"name\":\"Bidatzenea\",\"description\":\"\",\"url\":\"\",\"telephone\":\"\",\"email\":\"\",\"sameAs\":\"\"},\"performer\":\"Organization\"},{\"@context\":\"http:\/\/schema.org\",\"@type\":\"Event\",\"name\":\"Zoru pelbikoa ezagutzen\",\"description\":\"&lt;p&gt;Gure zoru pelbikoa historikoki ikusezin egin dute. Askotan, gure bizipenen une\\u00a0 garrantzitsuenetan bakarrik jarri izan dugu arreta gorputzaren atal honetan,&hellip;&lt;\/p&gt;\\\\n\",\"url\":\"https:\/\/portuigualdad.com\/eu\/evento\/zoru-pelbikoa-ezagutzen\/\",\"eventAttendanceMode\":\"https:\/\/schema.org\/OfflineEventAttendanceMode\",\"eventStatus\":\"https:\/\/schema.org\/EventScheduled\",\"startDate\":\"2026-04-14T18:00:00+02:00\",\"endDate\":\"2026-05-26T20:00:00+02:00\",\"organizer\":{\"@type\":\"Person\",\"name\":\"Bidatzenea\",\"description\":\"\",\"url\":\"\",\"telephone\":\"\",\"email\":\"\",\"sameAs\":\"\"},\"performer\":\"Organization\"},{\"@context\":\"http:\/\/schema.org\",\"@type\":\"Event\",\"name\":\"Menopausia eta perimenopausia: aldatzen den gorputzarentzako nutrizio-estrategiak\",\"description\":\"&lt;p&gt;Zure gorputza klimaterioan ulertzeko topaketa bat proposatzen dizugu, non lagundua eta ulertua sentituko zaren. Ikuspegi feministatik, errukiz nola elikatu ikasiko&hellip;&lt;\/p&gt;\\\\n\",\"url\":\"https:\/\/portuigualdad.com\/eu\/evento\/menopausia-eta-perimenopausia-aldatzen-den-gorputzarentzako-nutrizio-estrategiak\/\",\"eventAttendanceMode\":\"https:\/\/schema.org\/OfflineEventAttendanceMode\",\"eventStatus\":\"https:\/\/schema.org\/EventScheduled\",\"startDate\":\"2026-05-06T18:30:00+02:00\",\"endDate\":\"2026-05-13T20:00:00+02:00\",\"performer\":\"Organization\"}]\r\n<\/script><!--\n Event listing powered by The Events Calendar Shortcode\n https:\/\/eventcalendarnewsletter.com\/the-events-calendar-shortcode\/ \n-->[\/vc_column_text]<style type=\"text\/css\" data-type=\"the7_shortcodes-inline-css\">#default-btn-000351ca3986a8c050bd64b8432e7add.ico-right-side > i {\n  margin-right: 0px;\n  margin-left: 8px;\n}\n#default-btn-000351ca3986a8c050bd64b8432e7add > i {\n  margin-right: 8px;\n}<\/style><div class=\"btn-align-right\"><a href=\"\/eventos\/mes\/\" class=\"default-btn-shortcode dt-btn dt-btn-m link-hover-off \" id=\"default-btn-000351ca3986a8c050bd64b8432e7add\" title=\"Agenda\"><span>Ikus agenda<\/span><\/a><\/div>[\/vc_column][vc_column width=&#8221;2\/3&#8243;]<div id=\"ultimate-heading-518369f5cd9642efb\" class=\"uvc-heading ult-adjust-bottom-margin ultimate-heading-518369f5cd9642efb uvc-1185  uvc-heading-default-font-sizes\" data-hspacer=\"line_only\"  data-halign=\"left\" style=\"text-align:left\"><div class=\"uvc-main-heading ult-responsive\"  data-ultimate-target='.uvc-heading.ultimate-heading-518369f5cd9642efb h5'  data-responsive-json-new='{\"font-size\":\"\",\"line-height\":\"\"}' ><h5 style=\"font-family:&#039;Mulish&#039;;font-weight:700;\">Indarkeriaren aurkako baliabideak eta eskuliburuak<\/h5><\/div><div class=\"uvc-heading-spacer line_only\" style=\"margin-top:14px;height:5px;\"><span class=\"uvc-headings-line\" style=\"border-style:solid;border-bottom-width:5px;border-color:#942C6F;width:72px;\"><\/span><\/div><\/div>[vc_tta_pageable no_fill_content_area=&#8221;true&#8221; autoplay=&#8221;4&#8243; active_section=&#8221;1&#8243; pagination_color=&#8221;juicy-pink&#8221;][vc_tta_section title=&#8221;Secci\u00f3n 1&#8243; tab_id=&#8221;1742998943839-204dd595-7ad5&#8243;][vc_row_inner css=&#8221;.vc_custom_1740603609724{margin-top: 30px !important;}&#8221;][vc_column_inner width=&#8221;2\/6&#8243;][vc_single_image image=&#8221;4597&#8243; img_size=&#8221;full&#8221; css=&#8221;&#8221;][\/vc_column_inner][vc_column_inner width=&#8221;4\/6&#8243;]<div id=\"ultimate-heading-249569f5cd9642f39\" class=\"uvc-heading ult-adjust-bottom-margin ultimate-heading-249569f5cd9642f39 uvc-9804  uvc-heading-default-font-sizes\" data-hspacer=\"no_spacer\"  data-halign=\"left\" style=\"text-align:left\"><div class=\"uvc-heading-spacer no_spacer\" style=\"top\"><\/div><div class=\"uvc-main-heading ult-responsive\"  data-ultimate-target='.uvc-heading.ultimate-heading-249569f5cd9642f39 h4'  data-responsive-json-new='{\"font-size\":\"\",\"line-height\":\"\"}' ><h4 style=\"font-family:&#039;Mulish&#039;;font-weight:700;margin-bottom:30px;\">Berdintasun plana<\/h4><\/div><\/div>[vc_column_text css=&#8221;&#8221;]Portugaleteko Udalak hainbat hamarkada daramatza emakumeen egoera hobetzeko eta emakumeen eta gizonen arteko berdintasunaren alde egiteko programak eta ekintzak egiten Portugaleten.[\/vc_column_text]<style type=\"text\/css\" data-type=\"the7_shortcodes-inline-css\">#default-btn-68e8f8a2f46eda60fa693ab97be286b9.ico-right-side > i {\n  margin-right: 0px;\n  margin-left: 8px;\n}\n#default-btn-68e8f8a2f46eda60fa693ab97be286b9 > i {\n  margin-right: 8px;\n}<\/style><div class=\"btn-align-right\"><a href=\"\/recursos-de-igualdad-y-violencia-de-genero\/\" class=\"default-btn-shortcode dt-btn dt-btn-m link-hover-off \" id=\"default-btn-68e8f8a2f46eda60fa693ab97be286b9\" title=\"Agenda\"><span>Ver m\u00e1s planes de igualdad<\/span><\/a><\/div>[\/vc_column_inner][\/vc_row_inner][\/vc_tta_section][vc_tta_section title=&#8221;Secci\u00f3n 2&#8243; tab_id=&#8221;1742998943864-2d94da97-7f2e&#8221;][vc_row_inner css=&#8221;.vc_custom_1740603609724{margin-top: 30px !important;}&#8221;][vc_column_inner width=&#8221;2\/6&#8243;][vc_single_image image=&#8221;4623&#8243; img_size=&#8221;full&#8221; css=&#8221;&#8221;][\/vc_column_inner][vc_column_inner width=&#8221;4\/6&#8243;]<div id=\"ultimate-heading-827669f5cd9642fcd\" class=\"uvc-heading ult-adjust-bottom-margin ultimate-heading-827669f5cd9642fcd uvc-4122  uvc-heading-default-font-sizes\" data-hspacer=\"no_spacer\"  data-halign=\"left\" style=\"text-align:left\"><div class=\"uvc-heading-spacer no_spacer\" style=\"top\"><\/div><div class=\"uvc-main-heading ult-responsive\"  data-ultimate-target='.uvc-heading.ultimate-heading-827669f5cd9642fcd h4'  data-responsive-json-new='{\"font-size\":\"\",\"line-height\":\"\"}' ><h4 style=\"font-family:&#039;Mulish&#039;;font-weight:700;margin-bottom:30px;\">Comisi\u00f3n mixta de igualdad<\/h4><\/div><div class=\"uvc-sub-heading ult-responsive\"  data-ultimate-target='.uvc-heading.ultimate-heading-827669f5cd9642fcd .uvc-sub-heading '  data-responsive-json-new='{\"font-size\":\"\",\"line-height\":\"\"}'  style=\"font-weight:normal;\">La<strong> Comisi\u00f3n Mixta es un \u00f3rgano consultivo y de participaci\u00f3n ciudadan<\/strong>a en el que participan trabajadoras y trabajadores municipales, grupos pol\u00edticos y representantes de las asociaciones del municipio y del movimiento de mujeres.<\/div><\/div>[vc_column_text css=&#8221;&#8221;]El Ayuntamiento de Portugalete viene realizando desde hace varias d\u00e9cadas programas y acciones relacionados con la mejora de la situaci\u00f3n de las mujeres y a favor de la igualdad de mujeres y hombres en el municipio.[\/vc_column_text]<style type=\"text\/css\" data-type=\"the7_shortcodes-inline-css\">#default-btn-165200d31f12f22200e267f518b61c90.ico-right-side > i {\n  margin-right: 0px;\n  margin-left: 8px;\n}\n#default-btn-165200d31f12f22200e267f518b61c90 > i {\n  margin-right: 8px;\n}<\/style><div class=\"btn-align-right\"><a href=\"\/recurso\/comision-mixta\/\" class=\"default-btn-shortcode dt-btn dt-btn-m link-hover-off \" id=\"default-btn-165200d31f12f22200e267f518b61c90\" title=\"Agenda\"><span>Comisi\u00f3n mixta<\/span><\/a><\/div>[\/vc_column_inner][\/vc_row_inner][\/vc_tta_section][vc_tta_section title=&#8221;Secci\u00f3n&#8221; tab_id=&#8221;1742999202396-768c08d1-a63d&#8221;][vc_row_inner css=&#8221;.vc_custom_1740603609724{margin-top: 30px !important;}&#8221;][vc_column_inner width=&#8221;2\/6&#8243;][vc_single_image image=&#8221;4630&#8243; img_size=&#8221;full&#8221; css=&#8221;&#8221;][\/vc_column_inner][vc_column_inner width=&#8221;4\/6&#8243;]<div id=\"ultimate-heading-460269f5cd964305d\" class=\"uvc-heading ult-adjust-bottom-margin ultimate-heading-460269f5cd964305d uvc-8620  uvc-heading-default-font-sizes\" data-hspacer=\"no_spacer\"  data-halign=\"left\" style=\"text-align:left\"><div class=\"uvc-heading-spacer no_spacer\" style=\"top\"><\/div><div class=\"uvc-main-heading ult-responsive\"  data-ultimate-target='.uvc-heading.ultimate-heading-460269f5cd964305d h4'  data-responsive-json-new='{\"font-size\":\"\",\"line-height\":\"\"}' ><h4 style=\"font-family:&#039;Mulish&#039;;font-weight:700;margin-bottom:30px;\">Genero Berdintasunaren Eskuliburua<\/h4><\/div><div class=\"uvc-sub-heading ult-responsive\"  data-ultimate-target='.uvc-heading.ultimate-heading-460269f5cd964305d .uvc-sub-heading '  data-responsive-json-new='{\"font-size\":\"\",\"line-height\":\"\"}'  style=\"font-weight:normal;\">La Comisi\u00f3n Mixta es un \u00f3rgano consultivo y de participaci\u00f3n ciudadana en el que participan trabajadoras y trabajadores municipales, grupos pol\u00edticos y representantes de las asociaciones del municipio y del movimiento de mujeres.<\/div><\/div>[vc_column_text css=&#8221;&#8221;]Con el comienzo de este siglo XXI el <strong>Ayuntamiento de Portugalete<\/strong> decidi\u00f3 elaborar su primer <strong>Plan de Igualdad de Oportunidades para Mujeres y Hombres<\/strong>, el cual, entre otras muchas actividades, preve\u00eda la redacci\u00f3n de un <strong>manual de estilo igualitario en el lenguaje administrativo<\/strong>.[\/vc_column_text]<style type=\"text\/css\" data-type=\"the7_shortcodes-inline-css\">#default-btn-60246d0cdcf14de002837928f7c9dbfa.ico-right-side > i {\n  margin-right: 0px;\n  margin-left: 8px;\n}\n#default-btn-60246d0cdcf14de002837928f7c9dbfa > i {\n  margin-right: 8px;\n}<\/style><div class=\"btn-align-right\"><a href=\"\/recurso\/manual-por-la-igualdad-en-el-lenguaje-libro-de-estilo-el-lenguaje-administrativo-municipal-v2016\/\" class=\"default-btn-shortcode dt-btn dt-btn-m link-hover-off \" id=\"default-btn-60246d0cdcf14de002837928f7c9dbfa\" title=\"Agenda\"><span>Libro de estilo en el lenguaje<\/span><\/a><\/div>[\/vc_column_inner][\/vc_row_inner][\/vc_tta_section][vc_tta_section title=&#8221;Secci\u00f3n&#8221; tab_id=&#8221;1742999381329-ddc2fa12-197e&#8221;][vc_row_inner css=&#8221;.vc_custom_1740603609724{margin-top: 30px !important;}&#8221;][vc_column_inner width=&#8221;2\/6&#8243;][vc_single_image image=&#8221;4937&#8243; img_size=&#8221;full&#8221; css=&#8221;&#8221;][\/vc_column_inner][vc_column_inner width=&#8221;4\/6&#8243;]<div id=\"ultimate-heading-528569f5cd96430dc\" class=\"uvc-heading ult-adjust-bottom-margin ultimate-heading-528569f5cd96430dc uvc-285  uvc-heading-default-font-sizes\" data-hspacer=\"no_spacer\"  data-halign=\"left\" style=\"text-align:left\"><div class=\"uvc-heading-spacer no_spacer\" style=\"top\"><\/div><div class=\"uvc-main-heading ult-responsive\"  data-ultimate-target='.uvc-heading.ultimate-heading-528569f5cd96430dc h4'  data-responsive-json-new='{\"font-size\":\"\",\"line-height\":\"\"}' ><h4 style=\"font-family:&#039;Mulish&#039;;font-weight:700;margin-bottom:30px;\">Protocolo municipal de actuaci\u00f3n en casos de violencia contra las mujeres en el municipio de Portugalete<\/h4><\/div><div class=\"uvc-sub-heading ult-responsive\"  data-ultimate-target='.uvc-heading.ultimate-heading-528569f5cd96430dc .uvc-sub-heading '  data-responsive-json-new='{\"font-size\":\"\",\"line-height\":\"\"}'  style=\"font-weight:normal;\">La elaboraci\u00f3n de este<strong> protocolo tiene como objeto establecer pautas en la actuaci\u00f3n<\/strong> de los diversos servicios implicados en la atenci\u00f3n a las mujeres <strong>v\u00edctimas de violencia de<\/strong> <strong>g\u00e9nero y agresiones sexuales en Portugalete<\/strong>, para dar respuesta de manera coordinada a sus necesidades. Este protocolo nace con vocaci\u00f3n continua de adaptaci\u00f3n a una realidad diversa. Por ello, aunque no contiene la respuesta a todas las cuestiones que se puedan suscitar, intentar\u00e1 prever mecanismos para darles respuesta.  <\/div><\/div><style type=\"text\/css\" data-type=\"the7_shortcodes-inline-css\">#default-btn-059d65fddd5b649bb093f579c879b1c6.ico-right-side > i {\n  margin-right: 0px;\n  margin-left: 8px;\n}\n#default-btn-059d65fddd5b649bb093f579c879b1c6 > i {\n  margin-right: 8px;\n}<\/style><div class=\"btn-align-right\"><a href=\"\/recursos-de-igualdad-y-violencia-de-genero\/\" class=\"default-btn-shortcode dt-btn dt-btn-m link-hover-off  vc_custom_1748113980871\" id=\"default-btn-059d65fddd5b649bb093f579c879b1c6\" title=\"Agenda\"><span>Ikusi berdintasun plan gehiago<\/span><\/a><\/div>[\/vc_column_inner][\/vc_row_inner][\/vc_tta_section][\/vc_tta_pageable][\/vc_column][\/vc_row][vc_row disable_element=&#8221;yes&#8221; ult_hide_row=&#8221;ult_hide_row_value&#8221; ult_hide_row_large_screen=&#8221;large_screen&#8221; ult_hide_row_desktop=&#8221;desktop&#8221; ult_hide_row_tablet=&#8221;tablet&#8221; ult_hide_row_tablet_small=&#8221;xs_tablet&#8221; ult_hide_row_mobile=&#8221;mobile&#8221; ult_hide_row_mobile_large=&#8221;xl_mobile&#8221; css=&#8221;.vc_custom_1748120200444{padding-bottom: 60px !important;}&#8221;][vc_column]<div id=\"ultimate-heading-802169f5cd964315b\" class=\"uvc-heading ult-adjust-bottom-margin ultimate-heading-802169f5cd964315b uvc-1448 \" data-hspacer=\"no_spacer\"  data-halign=\"center\" style=\"text-align:center\"><div class=\"uvc-heading-spacer no_spacer\" style=\"top\"><\/div><div class=\"uvc-main-heading ult-responsive\"  data-ultimate-target='.uvc-heading.ultimate-heading-802169f5cd964315b h2'  data-responsive-json-new='{\"font-size\":\"desktop:22px;\",\"line-height\":\"desktop:22px;\"}' ><h2 style=\"font-family:&#039;Mulish&#039;;font-weight:700;\">Violencia Machista: V\u00edctimas mortales<\/h2><\/div><div class=\"uvc-sub-heading ult-responsive\"  data-ultimate-target='.uvc-heading.ultimate-heading-802169f5cd964315b .uvc-sub-heading '  data-responsive-json-new='{\"font-size\":\"desktop:18px;\",\"line-height\":\"desktop:18px;\"}'  style=\"font-weight:normal;margin-bottom:50px;\"><\/p>\n<p style=\"text-align: center;\">Actualizaci\u00f3n: 20-02-2025 [ <a href=\"https:\/\/estadisticasviolenciagenero.igualdad.gob.es\/\" target=\"_blank\" rel=\"noopener\">M\u00e1s informaci\u00f3n<\/a> ]<\/p>\n<p><\/div><\/div>[vc_column_text css=&#8221;&#8221;]    <div id=\"gravio\">\n      <div><span>37<\/span><span>2021<\/span><\/div>\n      <div><span>49<\/span><span>2022<\/span><\/div>\n      <div><span>55<\/span><span>2023<\/span><\/div>\n      <div><span>43<\/span><span>2024<\/span><\/div>\n    <\/div>\n    <style>\n      #gravio {\n        --size: 150px;\n        display: flex;\n        justify-content: space-evenly;\n        flex-wrap: wrap;\n        gap: 20px;\n      }\n\n      #gravio > div {\n        background: #de3c66;\n        background: linear-gradient(180deg, #de3c66 11%, rgba(148,44,111,1) 79%);\n        width: var(--size);\n        height: var(--size);\n        border-radius: 50%;\n        display: flex;\n        justify-content: center;\n        align-items: center;\n        flex-direction: column;\n        gap: 10px;\n        position: relative;\n      }\n\n      #gravio > div > span:nth-of-type(1) {\n        color: #000;\n        font-size: 50px;\n        font-weight: 700; \n        z-index: 15;\n        position: relative;\n      }\n\n      #gravio > div > span:nth-of-type(2) {\n        font-size: 25px;\n        color: #de3c66;\n        z-index: 15;\n        position: relative;\n      }\n\n      #gravio > div:before {\n        content: \"\";\n        width: calc(var(--size) - 8px);\n        height: calc(var(--size) - 8px);\n        display: block;\n        position: absolute;\n        top: 4px;\n        left: 4px;\n        border-radius: 50%;\n        background-color: #fff;\n        z-index: 5;\n      }\n\n    <\/style>\n  [\/vc_column_text][\/vc_column][\/vc_row]<\/p>\n<\/div>","protected":false},"excerpt":{"rendered":"<p>[vc_row css=&#8221;.vc_custom_1758399586477{margin-top: 30px !important;}&#8221;][vc_column][vc_column_text css=&#8221;&#8221;][\/vc_column_text][\/vc_column][\/vc_row][vc_row css=&#8221;.vc_custom_1740433866572{margin-top: 30px !important;margin-bottom: 30px !important;}&#8221;][vc_column width=&#8221;6\/12&#8243;][vc_column_text css=&#8221;&#8221;]Portugaleteko Udalak hainbat hamarkada daramatza emakumeen egoera hobetzeko eta&hellip;<\/p>\n","protected":false},"author":1,"featured_media":0,"parent":0,"menu_order":10,"comment_status":"closed","ping_status":"closed","template":"","meta":{"_acf_changed":false,"footnotes":""},"class_list":["post-4264","page","type-page","status-publish","hentry","description-off"],"acf":[],"yoast_head":"<!-- This site is optimized with the Yoast SEO plugin v26.6 - https:\/\/yoast.com\/wordpress\/plugins\/seo\/ -->\n<title>PortuIgualdad<\/title>\n<meta name=\"robots\" content=\"index, follow, max-snippet:-1, max-image-preview:large, max-video-preview:-1\" \/>\n<link rel=\"canonical\" href=\"https:\/\/portuigualdad.com\/eu\/portada-es\/\" \/>\n<meta property=\"og:locale\" content=\"eu_ES\" \/>\n<meta property=\"og:type\" content=\"article\" \/>\n<meta property=\"og:title\" content=\"PortuIgualdad\" \/>\n<meta property=\"og:description\" content=\"[vc_row css=&#8221;.vc_custom_1758399586477{margin-top: 30px !important;}&#8221;][vc_column][vc_column_text css=&#8221;&#8221;][\/vc_column_text][\/vc_column][\/vc_row][vc_row css=&#8221;.vc_custom_1740433866572{margin-top: 30px !important;margin-bottom: 30px !important;}&#8221;][vc_column width=&#8221;6\/12&#8243;][vc_column_text css=&#8221;&#8221;]Portugaleteko Udalak hainbat hamarkada daramatza emakumeen egoera hobetzeko eta&hellip;\" \/>\n<meta property=\"og:url\" content=\"https:\/\/portuigualdad.com\/eu\/portada-es\/\" \/>\n<meta property=\"og:site_name\" content=\"Portuigualdad\" \/>\n<meta property=\"article:modified_time\" content=\"2026-04-26T20:59:52+00:00\" \/>\n<meta name=\"twitter:card\" content=\"summary_large_image\" \/>\n<meta name=\"twitter:label1\" content=\"Est. reading time\" \/>\n\t<meta name=\"twitter:data1\" content=\"9 minutes\" \/>\n<script type=\"application\/ld+json\" class=\"yoast-schema-graph\">{\"@context\":\"https:\/\/schema.org\",\"@graph\":[{\"@type\":\"WebPage\",\"@id\":\"https:\/\/portuigualdad.com\/eu\/portada-es\/\",\"url\":\"https:\/\/portuigualdad.com\/eu\/portada-es\/\",\"name\":\"PortuIgualdad\",\"isPartOf\":{\"@id\":\"https:\/\/portuigualdad.com\/#website\"},\"datePublished\":\"2025-02-01T23:11:30+00:00\",\"dateModified\":\"2026-04-26T20:59:52+00:00\",\"breadcrumb\":{\"@id\":\"https:\/\/portuigualdad.com\/eu\/portada-es\/#breadcrumb\"},\"inLanguage\":\"eu-ES\",\"potentialAction\":[{\"@type\":\"ReadAction\",\"target\":[\"https:\/\/portuigualdad.com\/eu\/portada-es\/\"]}]},{\"@type\":\"BreadcrumbList\",\"@id\":\"https:\/\/portuigualdad.com\/eu\/portada-es\/#breadcrumb\",\"itemListElement\":[{\"@type\":\"ListItem\",\"position\":1,\"name\":\"Portada\",\"item\":\"https:\/\/portuigualdad.com\/eu\/portada-es\/\"},{\"@type\":\"ListItem\",\"position\":2,\"name\":\"Hasiera\"}]},{\"@type\":\"WebSite\",\"@id\":\"https:\/\/portuigualdad.com\/#website\",\"url\":\"https:\/\/portuigualdad.com\/\",\"name\":\"Portuigualdad\",\"description\":\"\",\"potentialAction\":[{\"@type\":\"SearchAction\",\"target\":{\"@type\":\"EntryPoint\",\"urlTemplate\":\"https:\/\/portuigualdad.com\/?s={search_term_string}\"},\"query-input\":{\"@type\":\"PropertyValueSpecification\",\"valueRequired\":true,\"valueName\":\"search_term_string\"}}],\"inLanguage\":\"eu-ES\"}]}<\/script>\n<!-- \/ Yoast SEO plugin. -->","yoast_head_json":{"title":"PortuIgualdad","robots":{"index":"index","follow":"follow","max-snippet":"max-snippet:-1","max-image-preview":"max-image-preview:large","max-video-preview":"max-video-preview:-1"},"canonical":"https:\/\/portuigualdad.com\/eu\/portada-es\/","og_locale":"eu_ES","og_type":"article","og_title":"PortuIgualdad","og_description":"[vc_row css=&#8221;.vc_custom_1758399586477{margin-top: 30px !important;}&#8221;][vc_column][vc_column_text css=&#8221;&#8221;][\/vc_column_text][\/vc_column][\/vc_row][vc_row css=&#8221;.vc_custom_1740433866572{margin-top: 30px !important;margin-bottom: 30px !important;}&#8221;][vc_column width=&#8221;6\/12&#8243;][vc_column_text css=&#8221;&#8221;]Portugaleteko Udalak hainbat hamarkada daramatza emakumeen egoera hobetzeko eta&hellip;","og_url":"https:\/\/portuigualdad.com\/eu\/portada-es\/","og_site_name":"Portuigualdad","article_modified_time":"2026-04-26T20:59:52+00:00","twitter_card":"summary_large_image","twitter_misc":{"Est. reading time":"9 minutes"},"schema":{"@context":"https:\/\/schema.org","@graph":[{"@type":"WebPage","@id":"https:\/\/portuigualdad.com\/eu\/portada-es\/","url":"https:\/\/portuigualdad.com\/eu\/portada-es\/","name":"PortuIgualdad","isPartOf":{"@id":"https:\/\/portuigualdad.com\/#website"},"datePublished":"2025-02-01T23:11:30+00:00","dateModified":"2026-04-26T20:59:52+00:00","breadcrumb":{"@id":"https:\/\/portuigualdad.com\/eu\/portada-es\/#breadcrumb"},"inLanguage":"eu-ES","potentialAction":[{"@type":"ReadAction","target":["https:\/\/portuigualdad.com\/eu\/portada-es\/"]}]},{"@type":"BreadcrumbList","@id":"https:\/\/portuigualdad.com\/eu\/portada-es\/#breadcrumb","itemListElement":[{"@type":"ListItem","position":1,"name":"Portada","item":"https:\/\/portuigualdad.com\/eu\/portada-es\/"},{"@type":"ListItem","position":2,"name":"Hasiera"}]},{"@type":"WebSite","@id":"https:\/\/portuigualdad.com\/#website","url":"https:\/\/portuigualdad.com\/","name":"Portuigualdad","description":"","potentialAction":[{"@type":"SearchAction","target":{"@type":"EntryPoint","urlTemplate":"https:\/\/portuigualdad.com\/?s={search_term_string}"},"query-input":{"@type":"PropertyValueSpecification","valueRequired":true,"valueName":"search_term_string"}}],"inLanguage":"eu-ES"}]}},"_links":{"self":[{"href":"https:\/\/portuigualdad.com\/eu\/wp-json\/wp\/v2\/pages\/4264","targetHints":{"allow":["GET"]}}],"collection":[{"href":"https:\/\/portuigualdad.com\/eu\/wp-json\/wp\/v2\/pages"}],"about":[{"href":"https:\/\/portuigualdad.com\/eu\/wp-json\/wp\/v2\/types\/page"}],"author":[{"embeddable":true,"href":"https:\/\/portuigualdad.com\/eu\/wp-json\/wp\/v2\/users\/1"}],"replies":[{"embeddable":true,"href":"https:\/\/portuigualdad.com\/eu\/wp-json\/wp\/v2\/comments?post=4264"}],"version-history":[{"count":3,"href":"https:\/\/portuigualdad.com\/eu\/wp-json\/wp\/v2\/pages\/4264\/revisions"}],"predecessor-version":[{"id":5548,"href":"https:\/\/portuigualdad.com\/eu\/wp-json\/wp\/v2\/pages\/4264\/revisions\/5548"}],"wp:attachment":[{"href":"https:\/\/portuigualdad.com\/eu\/wp-json\/wp\/v2\/media?parent=4264"}],"curies":[{"name":"wp","href":"https:\/\/api.w.org\/{rel}","templated":true}]}}